{"id":3,"date":"2019-05-01T15:31:34","date_gmt":"2019-05-01T13:31:34","guid":{"rendered":"https:\/\/abschiedsgesang.de\/?page_id=3"},"modified":"2019-07-21T23:05:23","modified_gmt":"2019-07-21T21:05:23","slug":"datenschutzerklaerung","status":"publish","type":"page","link":"https:\/\/abschiedsgesang.de\/index.php\/datenschutzerklaerung\/","title":{"rendered":"Datenschutzerkl\u00e4rung"},"content":{"rendered":"\n<p>Verantwortlicher im Sinne der Datenschutzgesetze, insbesondere der EU-Datenschutzgrundverordnung (DSGVO), ist:<\/p>\n\n\n\n<p>Uta Budzinski<\/p>\n\n\n\n<h2 class=\"wp-block-heading\">Ihre Betroffenenrechte<\/h2>\n\n\n\n<p>Unter den angegebenen Kontaktdaten unseres Datenschutzbeauftragten k\u00f6nnen Sie jederzeit folgende Rechte aus\u00fcben:<\/p>\n\n\n\n<ul><li>Auskunft \u00fcber Ihre bei uns gespeicherten Daten und deren Verarbeitung (Art. 15 DSGVO),<\/li><li>Berichtigung unrichtiger personenbezogener Daten (Art. 16 DSGVO),<\/li><li>L\u00f6schung Ihrer bei uns gespeicherten Daten (Art. 17 DSGVO),<\/li><li>Einschr\u00e4nkung der Datenverarbeitung, sofern wir Ihre Daten aufgrund \ngesetzlicher Pflichten noch nicht l\u00f6schen d\u00fcrfen (Art. 18 DSGVO),<\/li><li>Widerspruch gegen die Verarbeitung Ihrer Daten bei uns (Art. 21 DSGVO) und<\/li><li>Daten\u00fcbertragbarkeit, sofern Sie in die Datenverarbeitung \neingewilligt haben oder einen Vertrag mit uns abgeschlossen haben (Art. \n20 DSGVO).<\/li><\/ul>\n\n\n\n<p>Sofern Sie uns eine Einwilligung erteilt haben, k\u00f6nnen Sie diese jederzeit mit Wirkung f\u00fcr die Zukunft widerrufen.<\/p>\n\n\n\n<p>Sie k\u00f6nnen sich jederzeit mit einer Beschwerde an eine \nAufsichtsbeh\u00f6rde wenden, z. B. an die zust\u00e4ndige Aufsichtsbeh\u00f6rde des \nBundeslands Ihres Wohnsitzes oder an die f\u00fcr uns als verantwortliche \nStelle zust\u00e4ndige Beh\u00f6rde.<\/p>\n\n\n\n<p>Eine Liste der Aufsichtsbeh\u00f6rden (f\u00fcr den nicht\u00f6ffentlichen Bereich) mit Anschrift finden Sie unter: <a href=\"https:\/\/www.bfdi.bund.de\/DE\/Infothek\/Anschriften_Links\/anschriften_links-node.html\" target=\"_blank\" rel=\"noreferrer noopener\">https:\/\/www.bfdi.bund.de\/DE\/Infothek\/Anschriften_Links\/anschriften_links-node.html<\/a>.<\/p>\n\n\n\n<h2 class=\"wp-block-heading\">Erfassung allgemeiner Informationen beim Besuch unserer Website<\/h2>\n\n\n\n<h3 class=\"wp-block-heading\">Art und Zweck der Verarbeitung:<\/h3>\n\n\n\n<p>Wenn Sie auf unsere Website zugreifen, d.h., wenn Sie sich nicht \nregistrieren oder anderweitig Informationen \u00fcbermitteln, werden \nautomatisch Informationen allgemeiner Natur erfasst. Diese Informationen\n (Server-Logfiles) beinhalten etwa die Art des Webbrowsers, das \nverwendete Betriebssystem, den Domainnamen Ihres \nInternet-Service-Providers, Ihre IP-Adresse und \u00e4hnliches. <\/p>\n\n\n\n<p>Sie werden insbesondere zu folgenden Zwecken verarbeitet:<\/p>\n\n\n\n<ul><li>Sicherstellung eines problemlosen Verbindungsaufbaus der Website,<\/li><li>Sicherstellung einer reibungslosen Nutzung unserer Website,<\/li><li>Auswertung der Systemsicherheit und -stabilit\u00e4t sowie<\/li><li>zu weiteren administrativen Zwecken.<\/li><\/ul>\n\n\n\n<p>Wir verwenden Ihre Daten nicht, um R\u00fcckschl\u00fcsse auf Ihre Person zu \nziehen. Informationen dieser Art werden von uns ggfs. statistisch \nausgewertet, um unseren Internetauftritt und die dahinterstehende \nTechnik zu optimieren.<\/p>\n\n\n\n<h3 class=\"wp-block-heading\">Rechtsgrundlage:<\/h3>\n\n\n\n<p>Die Verarbeitung erfolgt gem\u00e4\u00df Art. 6 Abs. 1 lit. f DSGVO auf Basis \nunseres berechtigten Interesses an der Verbesserung der Stabilit\u00e4t und \nFunktionalit\u00e4t unserer Website.<\/p>\n\n\n\n<h3 class=\"wp-block-heading\">Empf\u00e4nger:<\/h3>\n\n\n\n<p>Empf\u00e4nger der Daten sind ggf. technische Dienstleister, die f\u00fcr den \nBetrieb und die Wartung unserer Webseite als Auftragsverarbeiter t\u00e4tig \nwerden.<\/p>\n\n\n\n<h3 class=\"wp-block-heading\">Speicherdauer:<\/h3>\n\n\n\n<p>Die Daten werden gel\u00f6scht, sobald diese f\u00fcr den Zweck der Erhebung \nnicht mehr erforderlich sind. Dies ist f\u00fcr die Daten, die der \nBereitstellung der Webseite dienen, grunds\u00e4tzlich der Fall, wenn die \njeweilige Sitzung beendet ist.<\/p>\n\n\n\n<h3 class=\"wp-block-heading\">Bereitstellung vorgeschrieben oder erforderlich:<\/h3>\n\n\n\n<p>Die Bereitstellung der vorgenannten personenbezogenen Daten ist weder\n gesetzlich noch vertraglich vorgeschrieben. Ohne die IP-Adresse ist \njedoch der Dienst und die Funktionsf\u00e4higkeit unserer Website nicht \ngew\u00e4hrleistet. Zudem k\u00f6nnen einzelne Dienste und Services nicht \nverf\u00fcgbar oder eingeschr\u00e4nkt sein. Aus diesem Grund ist ein Widerspruch \nausgeschlossen. <\/p>\n\n\n\n<h2 class=\"wp-block-heading\">Erbringung kostenpflichtiger Leistungen<\/h2>\n\n\n\n<h3 class=\"wp-block-heading\">Art und Zweck der Verarbeitung:<\/h3>\n\n\n\n<p>Zur Erbringung kostenpflichtiger Leistungen werden von uns \nzus\u00e4tzliche Daten erfragt, wie z.B. Zahlungsangaben, um Ihre Bestellung \nausf\u00fchren zu k\u00f6nnen.<\/p>\n\n\n\n<h3 class=\"wp-block-heading\">Rechtsgrundlage:<\/h3>\n\n\n\n<p>Die Verarbeitung der Daten, die f\u00fcr den Abschluss des Vertrages erforderlich ist, basiert auf Art. 6 Abs. 1 lit. b DSGVO.<\/p>\n\n\n\n<h3 class=\"wp-block-heading\">Empf\u00e4nger:<\/h3>\n\n\n\n<p>Empf\u00e4nger der Daten sind ggf. Auftragsverarbeiter.<\/p>\n\n\n\n<h3 class=\"wp-block-heading\">Speicherdauer:<\/h3>\n\n\n\n<p>Wir speichern diese Daten in unseren Systemen bis die gesetzlichen \nAufbewahrungsfristen abgelaufen sind. Diese betragen grunds\u00e4tzlich 6 \noder 10 Jahre aus Gr\u00fcnden der ordnungsm\u00e4\u00dfigen Buchf\u00fchrung und \nsteuerrechtlichen Anforderungen.<\/p>\n\n\n\n<h3 class=\"wp-block-heading\">Bereitstellung vorgeschrieben oder erforderlich:<\/h3>\n\n\n\n<p>Die Bereitstellung Ihrer personenbezogenen Daten erfolgt freiwillig. \nOhne die Bereitstellung Ihrer personenbezogenen Daten k\u00f6nnen wir Ihnen \nkeinen Zugang auf unsere angebotenen Inhalte und Leistungen gew\u00e4hren.<\/p>\n\n\n\n<h2 class=\"wp-block-heading\">Kommentarfunktion<\/h2>\n\n\n\n<h3 class=\"wp-block-heading\">Art und Zweck der Verarbeitung:<\/h3>\n\n\n\n<p>Wenn Nutzer Kommentare auf unserer Website hinterlassen, werden neben\n diesen Angaben auch der Zeitpunkt ihrer Erstellung und der zuvor durch \nden Websitebesucher gew\u00e4hlte Nutzername gespeichert. Dies dient unserer \nSicherheit, da wir f\u00fcr widerrechtliche Inhalte auf unserer Webseite \nbelangt werden k\u00f6nnen, auch wenn diese durch Benutzer erstellt wurden.<\/p>\n\n\n\n<h3 class=\"wp-block-heading\">Rechtsgrundlage:<\/h3>\n\n\n\n<p>Die Verarbeitung der als Kommentar eingegebenen Daten erfolgt auf der\n Grundlage eines berechtigten Interesses (Art. 6 Abs. 1 lit. f DSGVO).<\/p>\n\n\n\n<p>Durch Bereitstellung der Kommentarfunktion m\u00f6chten wir Ihnen eine \nunkomplizierte Interaktion erm\u00f6glichen. Ihre gemachten Angaben werden \nzum Zwecke der Bearbeitung der Anfrage sowie f\u00fcr m\u00f6gliche \nAnschlussfragen gespeichert.<\/p>\n\n\n\n<h3 class=\"wp-block-heading\">Empf\u00e4nger:<\/h3>\n\n\n\n<p>Empf\u00e4nger der Daten sind ggf. Auftragsverarbeiter.<\/p>\n\n\n\n<h3 class=\"wp-block-heading\">Speicherdauer:<\/h3>\n\n\n\n<p>Die Daten werden gel\u00f6scht, sobald diese f\u00fcr den Zweck der Erhebung \nnicht mehr erforderlich sind. Dies ist grunds\u00e4tzlich der Fall, wenn die \nKommunikation mit dem Nutzer abgeschlossen ist und das Unternehmen den \nUmst\u00e4nden entnehmen kann, dass der betroffene Sachverhalt abschlie\u00dfend \ngekl\u00e4rt ist.<\/p>\n\n\n\n<h3 class=\"wp-block-heading\">Bereitstellung vorgeschrieben oder erforderlich:<\/h3>\n\n\n\n<p>Die Bereitstellung Ihrer personenbezogenen Daten erfolgt freiwillig. \nOhne die Bereitstellung Ihrer personenbezogenen Daten k\u00f6nnen wir Ihnen \nkeinen Zugang zu unserer Kommentarfunktion gew\u00e4hren.<\/p>\n\n\n\n<h2 class=\"wp-block-heading\">Kontaktformular<\/h2>\n\n\n\n<h3 class=\"wp-block-heading\">Art und Zweck der Verarbeitung:<\/h3>\n\n\n\n<p>Die von Ihnen eingegebenen Daten werden zum Zweck der individuellen \nKommunikation mit Ihnen gespeichert. Hierf\u00fcr ist die Angabe einer \nvaliden E-Mail-Adresse sowie Ihres Namens erforderlich. Diese dient der \nZuordnung der Anfrage und der anschlie\u00dfenden Beantwortung derselben. Die\n Angabe weiterer Daten ist optional.<\/p>\n\n\n\n<h3 class=\"wp-block-heading\">Rechtsgrundlage:<\/h3>\n\n\n\n<p>Die Verarbeitung der in das Kontaktformular eingegebenen Daten \nerfolgt auf der Grundlage eines berechtigten Interesses (Art. 6 Abs. 1 \nlit. f DSGVO).<\/p>\n\n\n\n<p>Durch Bereitstellung des Kontaktformulars m\u00f6chten wir Ihnen eine \nunkomplizierte Kontaktaufnahme erm\u00f6glichen. Ihre gemachten Angaben \nwerden zum Zwecke der Bearbeitung der Anfrage sowie f\u00fcr m\u00f6gliche \nAnschlussfragen gespeichert.<\/p>\n\n\n\n<p>Sofern Sie mit uns Kontakt aufnehmen, um ein Angebot zu erfragen, \nerfolgt die Verarbeitung der in das Kontaktformular eingegebenen Daten \nzur Durchf\u00fchrung vorvertraglicher Ma\u00dfnahmen (Art. 6 Abs. 1 lit. b \nDSGVO).<\/p>\n\n\n\n<h3 class=\"wp-block-heading\">Empf\u00e4nger:<\/h3>\n\n\n\n<p>Empf\u00e4nger der Daten sind ggf. Auftragsverarbeiter.<\/p>\n\n\n\n<h3 class=\"wp-block-heading\">Speicherdauer:<\/h3>\n\n\n\n<p>Daten werden sp\u00e4testens 6 Monate nach Bearbeitung der Anfrage gel\u00f6scht.<\/p>\n\n\n\n<p>Sofern es zu einem Vertragsverh\u00e4ltnis kommt, unterliegen wir den \ngesetzlichen Aufbewahrungsfristen nach HGB und l\u00f6schen Ihre Daten nach \nAblauf dieser Fristen. <\/p>\n\n\n\n<h3 class=\"wp-block-heading\">Bereitstellung vorgeschrieben oder erforderlich:<\/h3>\n\n\n\n<p>Die Bereitstellung Ihrer personenbezogenen Daten erfolgt freiwillig. \nWir k\u00f6nnen Ihre Anfrage jedoch nur bearbeiten, sofern Sie uns Ihren \nNamen, Ihre E-Mail-Adresse und den Grund der Anfrage mitteilen.<\/p>\n\n\n\n<h2 class=\"wp-block-heading\">Verwendung von Matomo<\/h2>\n\n\n\n<h3 class=\"wp-block-heading\">Art und Zweck der Verarbeitung:<\/h3>\n\n\n\n<p>Diese Website benutzt Matomo (ehemals Piwik), eine \nOpen-Source-Software zur statistischen Auswertung von Besucherzugriffen.\n Anbieter der Software Matomo ist die InnoCraft Ltd., 150 Willis St, \n6011 Wellington, Neuseeland.<\/p>\n\n\n\n<p>Matomo verwendet sog. Cookies, also Textdateien, die auf Ihrem \nComputer gespeichert werden und die eine Analyse der Benutzung der \nWebsite durch Sie erm\u00f6glichen.<\/p>\n\n\n\n<p>Die durch das Cookie erzeugten Informationen \u00fcber Ihre Nutzung des \nInternetangebotes werden auf einem Server in Deutschland gespeichert.<\/p>\n\n\n\n<p>Die IP-Adresse wird unmittelbar nach der Verarbeitung und vor deren \nSpeicherung anonymisiert. Sie haben die M\u00f6glichkeit, die Installation \nder Cookies durch \u00c4nderung der Einstellung Ihrer Browser-Software zu \nverhindern. Wir weisen Sie darauf hin, dass bei entsprechender \nEinstellung eventuell nicht mehr alle Funktionen dieser Website zur \nVerf\u00fcgung stehen.<\/p>\n\n\n\n<p>Sie k\u00f6nnen sich entscheiden, ob in Ihrem Browser ein eindeutiger \nWebanalyse-Cookie abgelegt werden darf, um dem Betreiber der Webseite \ndie Erfassung und Analyse verschiedener statistischer Daten zu \nerm\u00f6glichen.<\/p>\n\n\n\n<p>N\u00e4here Informationen zu den Privatsph\u00e4re-Einstellungen der Matomo Software finden Sie unter folgendem Link: <a href=\"https:\/\/matomo.org\/docs\/privacy\/\" target=\"_blank\" rel=\"noreferrer noopener\"><em>https:\/\/matomo.org\/docs\/privacy\/<\/em><\/a><em>.<\/em><\/p>\n\n\n\n<h3 class=\"wp-block-heading\">Rechtsgrundlage:<\/h3>\n\n\n\n<p>Die Verarbeitung der Daten erfolgt auf Grundlage einer Einwilligung des Nutzers (Art. 6 Abs. 1 lit. a DSGVO).<\/p>\n\n\n\n<h3 class=\"wp-block-heading\">Empf\u00e4nger:<\/h3>\n\n\n\n<p>Empf\u00e4nger der Daten sind ggf. Auftragsverarbeiter.<\/p>\n\n\n\n<h3 class=\"wp-block-heading\">Speicherdauer:<\/h3>\n\n\n\n<p>Die L\u00f6schung der Daten erfolgt, sobald diese f\u00fcr unsere Aufzeichnungszwecke nicht mehr erforderlich sind.<\/p>\n\n\n\n<p>In unserem Fall geschieht die nach folgendem Zeitraum: 30 Tage.<\/p>\n\n\n\n<h3 class=\"wp-block-heading\">Bereitstellung vorgeschrieben oder erforderlich:<\/h3>\n\n\n\n<p>Die Bereitstellung Ihrer personenbezogenen Daten erfolgt freiwillig, \nallein auf Basis Ihrer Einwilligung. Sofern Sie den Zugriff unterbinden,\n kann es hierdurch zu Funktionseinschr\u00e4nkungen auf der Website kommen.<\/p>\n\n\n\n<h3 class=\"wp-block-heading\">Widerruf der Einwilligung:<\/h3>\n\n\n\n<p>Sie k\u00f6nnen die Speicherung der Cookies durch eine entsprechende \nEinstellung Ihrer Browser-Software verhindern; wir weisen Sie jedoch \ndarauf hin, dass Sie in diesem Fall gegebenenfalls nicht s\u00e4mtliche \nFunktionen dieser Website vollumf\u00e4nglich werden nutzen k\u00f6nnen.<\/p>\n\n\n\n<h3 class=\"wp-block-heading\">Profiling:<\/h3>\n\n\n\n<p>Mit Hilfe des Tracking-Tools Matomo kann das Verhalten der Besucher \nder Webseite bewertet und die Interessen analysiert werden. Hierzu \nerstellen wir ein pseudonymes Nutzerprofil.<\/p>\n\n\n\n<h2 class=\"wp-block-heading\">Verwendung von Scriptbibliotheken (Google Webfonts)<\/h2>\n\n\n\n<h3 class=\"wp-block-heading\">Art und Zweck der Verarbeitung:<\/h3>\n\n\n\n<p>Um unsere Inhalte browser\u00fcbergreifend korrekt und grafisch \nansprechend darzustellen, verwenden wir auf dieser Website \u201eGoogle Web \nFonts\u201c der Google LLC (1600 Amphitheatre Parkway, Mountain View, CA \n94043, USA; nachfolgend \u201eGoogle\u201c) zur Darstellung von Schriften.<\/p>\n\n\n\n<p>Die Datenschutzrichtlinie des Bibliothekbetreibers Google finden Sie hier: <a href=\"https:\/\/www.google.com\/policies\/privacy\/\">https:\/\/www.google.com\/policies\/privacy\/<\/a><\/p>\n\n\n\n<h3 class=\"wp-block-heading\">Rechtsgrundlage:<\/h3>\n\n\n\n<p>Rechtsgrundlage f\u00fcr die Einbindung von Google Webfonts und dem damit \nverbundenen Datentransfer zu Google ist Ihre Einwilligung (Art. 6 Abs. 1\n lit. a DSGVO). <\/p>\n\n\n\n<h3 class=\"wp-block-heading\">Empf\u00e4nger:<\/h3>\n\n\n\n<p>Der Aufruf von Scriptbibliotheken oder Schriftbibliotheken l\u00f6st \nautomatisch eine Verbindung zum Betreiber der Bibliothek aus. Dabei ist \nes theoretisch m\u00f6glich \u2013 aktuell allerdings auch unklar ob und ggf. zu \nwelchen Zwecken \u2013 dass der Betreiber in diesem Fall Google Daten erhebt.<\/p>\n\n\n\n<h3 class=\"wp-block-heading\">Speicherdauer:<\/h3>\n\n\n\n<p>Wir erheben keine personenbezogenen Daten, durch die Einbindung von Google Webfonts.<\/p>\n\n\n\n<p>Weitere Informationen zu Google Web Fonts finden Sie unter <a href=\"https:\/\/developers.google.com\/fonts\/faq\">https:\/\/developers.google.com\/fonts\/faq<\/a> und in der Datenschutzerkl\u00e4rung von Google: <a href=\"https:\/\/www.google.com\/policies\/privacy\/\">https:\/\/www.google.com\/policies\/privacy\/<\/a>.<\/p>\n\n\n\n<h3 class=\"wp-block-heading\">Drittlandtransfer:<\/h3>\n\n\n\n<p>Google verarbeitet Ihre Daten in den USA und hat sich dem EU_US Privacy Shield unterworfen <a href=\"https:\/\/www.privacyshield.gov\/EU-US-Framework\">https:\/\/www.privacyshield.gov\/EU-US-Framework<\/a>.<\/p>\n\n\n\n<h3 class=\"wp-block-heading\">Bereitstellung vorgeschrieben oder erforderlich:<\/h3>\n\n\n\n<p>Die Bereitstellung der personenbezogenen Daten ist weder gesetzlich, \nnoch vertraglich vorgeschrieben. Allerdings kann ggfs. die korrekte \nDarstellung der Inhalte durch Standardschriften nicht m\u00f6glich sein.<\/p>\n\n\n\n<h3 class=\"wp-block-heading\">Widerruf der Einwilligung:<\/h3>\n\n\n\n<p>Zur Darstellung der Inhalte wird regelm\u00e4\u00dfig die Programmiersprache \nJavaScript verwendet. Sie k\u00f6nnen der Datenverarbeitung daher \nwidersprechen, indem Sie die Ausf\u00fchrung von JavaScript in Ihrem Browser \ndeaktivieren oder einen JavaScript-Blocker installieren. Bitte beachten \nSie, dass es hierdurch zu Funktionseinschr\u00e4nkungen auf der Website \nkommen kann.<\/p>\n\n\n\n<h2 class=\"wp-block-heading\">Eingebettete YouTube-Videos<\/h2>\n\n\n\n<h3 class=\"wp-block-heading\">Art und Zweck der Verarbeitung:<\/h3>\n\n\n\n<p>Auf einigen unserer Webseiten betten wir YouTube-Videos ein. \nBetreiber der entsprechenden Plugins ist die YouTube, LLC, 901 Cherry \nAve., San Bruno, CA 94066, USA (nachfolgend \u201eYouTube\u201c). Wenn Sie eine \nSeite mit dem YouTube-Plugin besuchen, wird eine Verbindung zu Servern \nvon YouTube hergestellt. Dabei wird YouTube mitgeteilt, welche Seiten \nSie besuchen. Wenn Sie in Ihrem YouTube-Account eingeloggt sind, kann \nYouTube Ihr Surfverhalten Ihnen pers\u00f6nlich zuzuordnen. Dies verhindern \nSie, indem Sie sich vorher aus Ihrem YouTube-Account ausloggen.<\/p>\n\n\n\n<p>Wird ein YouTube-Video gestartet, setzt der Anbieter Cookies ein, die Hinweise \u00fcber das Nutzerverhalten sammeln.<\/p>\n\n\n\n<p>Weitere Informationen zu Zweck und Umfang der Datenerhebung und ihrer\n Verarbeitung durch YouTube erhalten Sie in den Datenschutzerkl\u00e4rungen \ndes Anbieters, Dort erhalten Sie auch weitere Informationen zu Ihren \ndiesbez\u00fcglichen Rechten und Einstellungsm\u00f6glichkeiten zum Schutze Ihrer \nPrivatsph\u00e4re (<a href=\"https:\/\/policies.google.com\/privacy\">https:\/\/policies.google.com\/privacy<\/a>).\n Google verarbeitet Ihre Daten in den USA und hat sich dem EU-US Privacy\n Shield unterworfen https:\/\/www.privacyshield.gov\/EU-US-Framework<\/p>\n\n\n\n<h3 class=\"wp-block-heading\">Rechtsgrundlage:<\/h3>\n\n\n\n<p>Rechtsgrundlage f\u00fcr die Einbindung von YouTube und dem damit \nverbundenen Datentransfer zu Google ist Ihre Einwilligung (Art. 6 Abs. 1\n lit. a DSGVO).<\/p>\n\n\n\n<h3 class=\"wp-block-heading\">Empf\u00e4nger:<\/h3>\n\n\n\n<p>Der Aufruf von YouTube l\u00f6st automatisch eine Verbindung zu Google aus.<\/p>\n\n\n\n<h3 class=\"wp-block-heading\">Speicherdauer und Widerruf der Einwilligung:<\/h3>\n\n\n\n<p>Wer das Speichern von Cookies f\u00fcr das Google-Ad-Programm deaktiviert \nhat, wird auch beim Anschauen von YouTube-Videos mit keinen solchen \nCookies rechnen m\u00fcssen. YouTube legt aber auch in anderen Cookies \nnicht-personenbezogene Nutzungsinformationen ab. M\u00f6chten Sie dies \nverhindern, so m\u00fcssen Sie das Speichern von Cookies im Browser \nblockieren.<\/p>\n\n\n\n<p>Weitere Informationen zum Datenschutz bei \u201eYouTube\u201c finden Sie in der Datenschutzerkl\u00e4rung des Anbieters unter: <a href=\"https:\/\/www.google.de\/intl\/de\/policies\/privacy\/\">https:\/\/www.google.de\/intl\/de\/policies\/privacy\/ <\/a><\/p>\n\n\n\n<h3 class=\"wp-block-heading\">Drittlandtransfer:<\/h3>\n\n\n\n<p>Google verarbeitet Ihre Daten in den USA und hat sich dem EU_US Privacy Shield unterworfen <a href=\"https:\/\/www.privacyshield.gov\/EU-US-Framework\">https:\/\/www.privacyshield.gov\/EU-US-Framework<\/a>.<\/p>\n\n\n\n<h3 class=\"wp-block-heading\">Bereitstellung vorgeschrieben oder erforderlich:<\/h3>\n\n\n\n<p>Die Bereitstellung Ihrer personenbezogenen Daten erfolgt freiwillig, \nallein auf Basis Ihrer Einwilligung. Sofern Sie den Zugriff unterbinden,\n kann es hierdurch zu Funktionseinschr\u00e4nkungen auf der Website kommen.<\/p>\n\n\n\n<h2 class=\"wp-block-heading\">SSL-Verschl\u00fcsselung<\/h2>\n\n\n\n<p>Um die Sicherheit Ihrer Daten bei der \u00dcbertragung zu sch\u00fctzen, \nverwenden wir dem aktuellen Stand der Technik entsprechende \nVerschl\u00fcsselungsverfahren (z. B. SSL) \u00fcber HTTPS.<\/p>\n\n\n\n<h2 class=\"wp-block-heading\">\u00c4nderung unserer Datenschutzbestimmungen<\/h2>\n\n\n\n<p>Wir behalten uns vor, diese Datenschutzerkl\u00e4rung anzupassen, damit \nsie stets den aktuellen rechtlichen Anforderungen entspricht oder um \n\u00c4nderungen unserer Leistungen in der Datenschutzerkl\u00e4rung umzusetzen, \nz.B. bei der Einf\u00fchrung neuer Services. F\u00fcr Ihren erneuten Besuch gilt \ndann die neue Datenschutzerkl\u00e4rung.<\/p>\n\n\n\n<h2 class=\"wp-block-heading\">Fragen an den Datenschutzbeauftragten<\/h2>\n\n\n\n<p>Wenn Sie Fragen zum Datenschutz haben, schreiben Sie uns bitte eine \nE-Mail oder wenden Sie sich direkt an die f\u00fcr den Datenschutz \nverantwortliche Person in unserer Organisation:<\/p>\n\n\n\n<p>Uta Budzinski uta.uthana@gmail.com<\/p>\n\n\n\n<p><em>Die Datenschutzerkl\u00e4rung wurde mithilfe der activeMind AG erstellt, den Experten f\u00fcr <a href=\"https:\/\/www.activemind.de\/datenschutz\/datenschutzhinweis-generator\/\" target=\"_blank\" rel=\"noreferrer noopener\">externe Datenschutzbeauftragte<\/a> (Version #2019-04-10).<\/em><\/p>\n","protected":false},"excerpt":{"rendered":"<p>Verantwortlicher im Sinne der Datenschutzgesetze, insbesondere der EU-Datenschutzgrundverordnung (DSGVO), ist: Uta Budzinski Ihre Betroffenenrechte Unter den angegebenen Kontaktdaten unseres Datenschutzbeauftragten k\u00f6nnen Sie jederzeit folgende Rechte aus\u00fcben: Auskunft \u00fcber Ihre bei uns gespeicherten Daten und deren Verarbeitung (Art. 15 DSGVO), Berichtigung unrichtiger personenbezogener Daten (Art. 16 DSGVO), L\u00f6schung Ihrer bei uns gespeicherten Daten (Art. 17 DSGVO), &hellip; <\/p>\n<p class=\"link-more\"><a href=\"https:\/\/abschiedsgesang.de\/index.php\/datenschutzerklaerung\/\" class=\"more-link\"><span class=\"screen-reader-text\">&#8222;Datenschutzerkl\u00e4rung&#8220;<\/span> weiterlesen<\/a><\/p>\n","protected":false},"author":1,"featured_media":0,"parent":0,"menu_order":0,"comment_status":"closed","ping_status":"open","template":"","meta":{"footnotes":""},"yoast_head":"<!-- This site is optimized with the Yoast SEO plugin v23.5 - https:\/\/yoast.com\/wordpress\/plugins\/seo\/ -->\n<title>Datenschutzerkl\u00e4rung -<\/title>\n<meta name=\"robots\" content=\"index, follow, max-snippet:-1, max-image-preview:large, max-video-preview:-1\" \/>\n<link rel=\"canonical\" href=\"https:\/\/abschiedsgesang.de\/index.php\/datenschutzerklaerung\/\" \/>\n<meta property=\"og:locale\" content=\"de_DE\" \/>\n<meta property=\"og:type\" content=\"article\" \/>\n<meta property=\"og:title\" content=\"Datenschutzerkl\u00e4rung -\" \/>\n<meta property=\"og:description\" content=\"Verantwortlicher im Sinne der Datenschutzgesetze, insbesondere der EU-Datenschutzgrundverordnung (DSGVO), ist: Uta Budzinski Ihre Betroffenenrechte Unter den angegebenen Kontaktdaten unseres Datenschutzbeauftragten k\u00f6nnen Sie jederzeit folgende Rechte aus\u00fcben: Auskunft \u00fcber Ihre bei uns gespeicherten Daten und deren Verarbeitung (Art. 15 DSGVO), Berichtigung unrichtiger personenbezogener Daten (Art. 16 DSGVO), L\u00f6schung Ihrer bei uns gespeicherten Daten (Art. 17 DSGVO), &hellip; &quot;Datenschutzerkl\u00e4rung&quot; weiterlesen\" \/>\n<meta property=\"og:url\" content=\"https:\/\/abschiedsgesang.de\/index.php\/datenschutzerklaerung\/\" \/>\n<meta property=\"article:modified_time\" content=\"2019-07-21T21:05:23+00:00\" \/>\n<meta name=\"twitter:card\" content=\"summary_large_image\" \/>\n<meta name=\"twitter:label1\" content=\"Gesch\u00e4tzte Lesezeit\" \/>\n\t<meta name=\"twitter:data1\" content=\"10\u00a0Minuten\" \/>\n<script type=\"application\/ld+json\" class=\"yoast-schema-graph\">{\"@context\":\"https:\/\/schema.org\",\"@graph\":[{\"@type\":\"WebPage\",\"@id\":\"https:\/\/abschiedsgesang.de\/index.php\/datenschutzerklaerung\/\",\"url\":\"https:\/\/abschiedsgesang.de\/index.php\/datenschutzerklaerung\/\",\"name\":\"Datenschutzerkl\u00e4rung -\",\"isPartOf\":{\"@id\":\"https:\/\/abschiedsgesang.de\/#website\"},\"datePublished\":\"2019-05-01T13:31:34+00:00\",\"dateModified\":\"2019-07-21T21:05:23+00:00\",\"breadcrumb\":{\"@id\":\"https:\/\/abschiedsgesang.de\/index.php\/datenschutzerklaerung\/#breadcrumb\"},\"inLanguage\":\"de\",\"potentialAction\":[{\"@type\":\"ReadAction\",\"target\":[\"https:\/\/abschiedsgesang.de\/index.php\/datenschutzerklaerung\/\"]}]},{\"@type\":\"BreadcrumbList\",\"@id\":\"https:\/\/abschiedsgesang.de\/index.php\/datenschutzerklaerung\/#breadcrumb\",\"itemListElement\":[{\"@type\":\"ListItem\",\"position\":1,\"name\":\"Home\",\"item\":\"https:\/\/abschiedsgesang.de\/\"},{\"@type\":\"ListItem\",\"position\":2,\"name\":\"Datenschutzerkl\u00e4rung\"}]},{\"@type\":\"WebSite\",\"@id\":\"https:\/\/abschiedsgesang.de\/#website\",\"url\":\"https:\/\/abschiedsgesang.de\/\",\"name\":\"\",\"description\":\"\",\"potentialAction\":[{\"@type\":\"SearchAction\",\"target\":{\"@type\":\"EntryPoint\",\"urlTemplate\":\"https:\/\/abschiedsgesang.de\/?s={search_term_string}\"},\"query-input\":{\"@type\":\"PropertyValueSpecification\",\"valueRequired\":true,\"valueName\":\"search_term_string\"}}],\"inLanguage\":\"de\"}]}<\/script>\n<!-- \/ Yoast SEO plugin. -->","yoast_head_json":{"title":"Datenschutzerkl\u00e4rung -","robots":{"index":"index","follow":"follow","max-snippet":"max-snippet:-1","max-image-preview":"max-image-preview:large","max-video-preview":"max-video-preview:-1"},"canonical":"https:\/\/abschiedsgesang.de\/index.php\/datenschutzerklaerung\/","og_locale":"de_DE","og_type":"article","og_title":"Datenschutzerkl\u00e4rung -","og_description":"Verantwortlicher im Sinne der Datenschutzgesetze, insbesondere der EU-Datenschutzgrundverordnung (DSGVO), ist: Uta Budzinski Ihre Betroffenenrechte Unter den angegebenen Kontaktdaten unseres Datenschutzbeauftragten k\u00f6nnen Sie jederzeit folgende Rechte aus\u00fcben: Auskunft \u00fcber Ihre bei uns gespeicherten Daten und deren Verarbeitung (Art. 15 DSGVO), Berichtigung unrichtiger personenbezogener Daten (Art. 16 DSGVO), L\u00f6schung Ihrer bei uns gespeicherten Daten (Art. 17 DSGVO), &hellip; \"Datenschutzerkl\u00e4rung\" weiterlesen","og_url":"https:\/\/abschiedsgesang.de\/index.php\/datenschutzerklaerung\/","article_modified_time":"2019-07-21T21:05:23+00:00","twitter_card":"summary_large_image","twitter_misc":{"Gesch\u00e4tzte Lesezeit":"10\u00a0Minuten"},"schema":{"@context":"https:\/\/schema.org","@graph":[{"@type":"WebPage","@id":"https:\/\/abschiedsgesang.de\/index.php\/datenschutzerklaerung\/","url":"https:\/\/abschiedsgesang.de\/index.php\/datenschutzerklaerung\/","name":"Datenschutzerkl\u00e4rung -","isPartOf":{"@id":"https:\/\/abschiedsgesang.de\/#website"},"datePublished":"2019-05-01T13:31:34+00:00","dateModified":"2019-07-21T21:05:23+00:00","breadcrumb":{"@id":"https:\/\/abschiedsgesang.de\/index.php\/datenschutzerklaerung\/#breadcrumb"},"inLanguage":"de","potentialAction":[{"@type":"ReadAction","target":["https:\/\/abschiedsgesang.de\/index.php\/datenschutzerklaerung\/"]}]},{"@type":"BreadcrumbList","@id":"https:\/\/abschiedsgesang.de\/index.php\/datenschutzerklaerung\/#breadcrumb","itemListElement":[{"@type":"ListItem","position":1,"name":"Home","item":"https:\/\/abschiedsgesang.de\/"},{"@type":"ListItem","position":2,"name":"Datenschutzerkl\u00e4rung"}]},{"@type":"WebSite","@id":"https:\/\/abschiedsgesang.de\/#website","url":"https:\/\/abschiedsgesang.de\/","name":"","description":"","potentialAction":[{"@type":"SearchAction","target":{"@type":"EntryPoint","urlTemplate":"https:\/\/abschiedsgesang.de\/?s={search_term_string}"},"query-input":{"@type":"PropertyValueSpecification","valueRequired":true,"valueName":"search_term_string"}}],"inLanguage":"de"}]}},"_links":{"self":[{"href":"https:\/\/abschiedsgesang.de\/index.php\/wp-json\/wp\/v2\/pages\/3"}],"collection":[{"href":"https:\/\/abschiedsgesang.de\/index.php\/wp-json\/wp\/v2\/pages"}],"about":[{"href":"https:\/\/abschiedsgesang.de\/index.php\/wp-json\/wp\/v2\/types\/page"}],"author":[{"embeddable":true,"href":"https:\/\/abschiedsgesang.de\/index.php\/wp-json\/wp\/v2\/users\/1"}],"replies":[{"embeddable":true,"href":"https:\/\/abschiedsgesang.de\/index.php\/wp-json\/wp\/v2\/comments?post=3"}],"version-history":[{"count":2,"href":"https:\/\/abschiedsgesang.de\/index.php\/wp-json\/wp\/v2\/pages\/3\/revisions"}],"predecessor-version":[{"id":90,"href":"https:\/\/abschiedsgesang.de\/index.php\/wp-json\/wp\/v2\/pages\/3\/revisions\/90"}],"wp:attachment":[{"href":"https:\/\/abschiedsgesang.de\/index.php\/wp-json\/wp\/v2\/media?parent=3"}],"curies":[{"name":"wp","href":"https:\/\/api.w.org\/{rel}","templated":true}]}}